{"id":3,"date":"2023-01-25T12:32:10","date_gmt":"2023-01-25T12:32:10","guid":{"rendered":"http:\/\/rosainglada.com\/?page_id=3"},"modified":"2025-05-13T03:51:00","modified_gmt":"2025-05-13T03:51:00","slug":"politica-de-privacidad","status":"publish","type":"page","link":"https:\/\/rosainglada.com\/index.php\/politica-de-privacidad\/","title":{"rendered":"Pol\u00edtica de privacidad"},"content":{"rendered":"\t\t<div data-elementor-type=\"wp-page\" data-elementor-id=\"3\" class=\"elementor elementor-3\" data-elementor-post-type=\"page\">\n\t\t\t\t<div data-particle_enable=\"false\" data-particle-mobile-disabled=\"false\" class=\"elementor-element elementor-element-47035fdc e-flex e-con-boxed e-con e-parent\" data-id=\"47035fdc\" data-element_type=\"container\" data-settings=\"{&quot;ekit_has_onepagescroll_dot&quot;:&quot;yes&quot;}\">\n\t\t\t\t\t<div class=\"e-con-inner\">\n\t\t\t\t<div class=\"elementor-element elementor-element-72cdf9f3 elementor-widget elementor-widget-text-editor\" data-id=\"72cdf9f3\" data-element_type=\"widget\" data-settings=\"{&quot;ekit_we_effect_on&quot;:&quot;none&quot;}\" data-widget_type=\"text-editor.default\">\n\t\t\t\t\t\t<div class=\"elementor-widget-container\">\n\t\t\t\t\t\t\t\t\t<p><\/p>\n<h1 class=\"wp-block-heading\">Pol\u00edtica de privacidad<\/h1>\n<p>De acuerdo con lo establecido en el Reglamento (UE) 2016\/679 del Parlamento Europeo y del Consejo, de 27 de abril de 2016, relativo a la protecci\u00f3n de las personas f\u00edsicas en lo que respecta al tratamiento de datos personales y a la libre circulaci\u00f3n de estos datos (en adelante, RGPD), y en la Ley Org\u00e1nica 3\/2018, de 5 de diciembre, de Protecci\u00f3n de Datos Personales y garant\u00eda de los derechos digitales (en adelante, LOPDGDD), te informo sobre el tratamiento de los datos personales que facilites a trav\u00e9s de esta p\u00e1gina web:<\/p>\n<h3>\u00bfQui\u00e9n es el responsable del tratamiento de tus datos personales?<\/h3>\n<ul>\n<li>Responsable del tratamiento: Rosa Inglada Guasch<\/li>\n<li>Direcci\u00f3n postal: Calle Xartell 25, 08800 Vilanova i la Geltr\u00fa \u2013 Barcelona<\/li>\n<li>CIF: 39695256Q<\/li>\n<li>Direcci\u00f3n de correo electr\u00f3nico: rosa@rosainglada.com<\/li>\n<li>Tel\u00e9fono: 635033274<\/li>\n<\/ul>\n<h3>\u00bfCon qu\u00e9 finalidad tratar\u00e9 tus datos personales?<\/h3>\n<p>Tratar\u00e9 tus datos para diversas finalidades en funci\u00f3n del motivo por el que me los facilites:<br \/><strong>Como Usuario de la p\u00e1gina web (formulario de contacto \/mails remitidos a las direcciones de correo que aparecen en la p\u00e1gina):<\/strong>\u00a0tus datos ser\u00e1n utilizados para dar respuesta a las solicitudes de informaci\u00f3n o consultas que me dirijas a trav\u00e9s del apartado de contacto o de las direcciones de correo que aparezcan en la p\u00e1gina web, para mantener relaciones y la comunicaci\u00f3n con la persona interesada.<\/p>\n<p><strong>Blog:<\/strong>\u00a0para comentar art\u00edculos del blog, el usuario tiene que facilitar los datos que se le solicitan por ser necesario para la gesti\u00f3n de este. Su direcci\u00f3n de email no ser\u00e1 publicada. El nombre y comentario facilitados se utilizar\u00e1n para publicarlos en el blog e interactuar con el usuario.<\/p>\n<p><strong>Suscripci\u00f3n al newsletter:<\/strong>\u00a0los datos de las personas que se hayan suscrito a mi newsletter se utilizar\u00e1n para su env\u00edo de comunicaciones sobre nuestros productos y servicios (por inter\u00e9s leg\u00edtimo del responsable, art. 6.1.f GDPR basado en el art. 21 LSSI).<\/p>\n<p>La fuente de procedencia es del propio interesado o una fuente de acceso p\u00fablico en Internet (web, redes sociales, etc.).<\/p>\n<p><strong>Testimonios:<\/strong>\u00a0publicar\u00e9 en la p\u00e1gina web el nombre, direcci\u00f3n web y la opini\u00f3n acerca de mis servicios de clientes que lo hayan autorizado.<br \/>Contrataci\u00f3n de servicios: los datos que me facilites durante el proceso de contrataci\u00f3n de los servicios que oferto a trav\u00e9s de esta p\u00e1gina web se utilizar\u00e1n para su gesti\u00f3n, incluyendo la facturaci\u00f3n, el cobro y las operaciones relacionadas con su ejecuci\u00f3n.<\/p>\n<p><strong>Encuestas:<\/strong>\u00a0en caso de realizar encuestas a mis clientes y suscriptores, utilizar\u00e9 los datos de aquellos que accedan voluntariamente a participar para su gesti\u00f3n y valoraci\u00f3n.<\/p>\n<p><strong>Como seguidor\/a en RRSS:<\/strong>\u00a0los datos que hayas facilitado a la red social en la que tenga perfil ser\u00e1n utilizados para interactuar contigo y mantener un seguimiento mutuo de nuestras cuentas. La comunicaci\u00f3n se mantendr\u00e1 siempre en el marco de la red social elegida, de acuerdo con sus t\u00e9rminos y condiciones y en tanto sigas siendo seguidor\/a m\u00edo\/a.<\/p>\n<p><strong>Publicidad:<\/strong>\u00a0En cumplimiento de lo previsto en el art\u00edculo 21 de la Ley 34\/2002 de Servicios de la Sociedad de la Informaci\u00f3n y Comercio Electr\u00f3nico (LSSICE) y las normativas de privacidad vigentes, le informamos del tratamiento de los datos suministrados para la suscripci\u00f3n y env\u00edo de nuestra newsletter.<\/p>\n<h3>\u00bfPor cu\u00e1nto tiempo conservar\u00e9 tus datos personales?<\/h3>\n<p>Conservar\u00e9 los datos que me hayas facilitado para contratar mis servicios mientras se mantenga la relaci\u00f3n contractual y, con posterioridad, durante los plazos legales aplicables y el tiempo necesario para determinar las posibles responsabilidades que se pudieran derivar de dicha finalidad y del tratamiento de los datos.<br \/>Los datos de las personas suscritas al newsletter se conservar\u00e1n durante no m\u00e1s tiempo del necesario para mantener el fin del tratamiento o mientras existan prescripciones legales que dictaminen su custodia y cuando ya no sea necesario para ello, se suprimir\u00e1n con medidas de seguridad adecuadas para garantizar la anonimizaci\u00f3n de los datos o la destrucci\u00f3n total de los mismos.<\/p>\n<p>Los datos de contacto que hayas facilitado para comunicarte conmigo se conservar\u00e1n el tiempo necesario para mantener dicha comunicaci\u00f3n en el marco de las relaciones establecidas.<br \/>Cuando realices comentarios en el blog conservar\u00e9 tus datos indefinidamente en tanto se publiquen en la p\u00e1gina web o hasta tanto no revoques tu consentimiento o solicites la supresi\u00f3n de los datos.<br \/>Los datos facilitados para participar en encuestas y la publicaci\u00f3n de testimonios se conservar\u00e1n hasta tanto no revoques tu consentimiento o solicites la supresi\u00f3n de los datos.<br \/>En el caso de redes sociales, los datos se conservar\u00e1n mientras la persona interesada sea seguidora m\u00eda.<\/p>\n<h3>\u00bfCu\u00e1l es la legitimaci\u00f3n para el tratamiento de tus datos personales?<\/h3>\n<p>Cuando me hayas facilitado tus datos para contratar mis servicios, la base legal para su tratamiento es la ejecuci\u00f3n de la relaci\u00f3n contractual o precontractual (RGPD, art. 6.1.b), as\u00ed como el cumplimiento de obligaciones legales aplicables al responsable del tratamiento en materia tributaria (RGPD, art. 6.1.c). La comunicaci\u00f3n de tus datos en este caso es necesaria para formalizar la contrataci\u00f3n y cumplir las obligaciones legales.<br \/>Igualmente, la legitimaci\u00f3n del tratamiento de los datos de las personas que se hayan suscrito al newsletter ser\u00e1 la ejecuci\u00f3n de la relaci\u00f3n contractual (RGPD, art. 6.1.b).<br \/>Los datos de contacto que nos facilites cuando te dirijas a nosotros para establecer relaciones de cualquier \u00edndole ser\u00e1n tratados en base al inter\u00e9s leg\u00edtimo de mantener dichas relaciones y la comunicaci\u00f3n (RGPD, art. 6.1.f).<br \/>En el caso de datos facilitados voluntariamente para publicar testimonios, realizar comentarios en el blog, participar en encuestas y como seguidor de redes sociales, el tratamiento se basa en tu consentimiento (RGPD, art. 6.1.a).<\/p>\n<p>Los datos de contacto que nos facilites para el env\u00edo de comunicaciones de productos o servicios a trav\u00e9s del Bolet\u00edn de Noticias al que se ha suscrito (con el consentimiento del interesado, art. 6.1.a GDPR).<\/p>\n<p>Los datos de contacto que nos facllites para el env\u00edo de comunicaciones sobre nuestros productos y servicios (por inter\u00e9s leg\u00edtimo del responsable, art. 6.1.f GDPR basado en el art. 21 LSSI).<\/p>\n<h3>\u00bfA qu\u00e9 destinatarios comunicar\u00e9 tus datos?<\/h3>\n<p>Con car\u00e1cter general no comunicar\u00e9 tus datos personales a terceros, salvo obligaci\u00f3n legal. Tal es el caso, por ejemplo, de la comunicaci\u00f3n a la Administraci\u00f3n tributaria de datos de clientes derivados de la facturaci\u00f3n de mis servicios.<br \/>Por otra parte, ser\u00e1n accesibles a usuarios de esta p\u00e1gina web los datos de las personas que realizan comentarios en el blog o que autoricen la publicaci\u00f3n de testimonios.<br \/>Asimismo, podr\u00e1n acceder a tus datos diversos proveedores de servicios contratados por m\u00ed, siempre que lo requieran para la adecuada prestaci\u00f3n de los mismos y exclusivamente con esa finalidad, tales como la asesor\u00eda fiscal, el proveedor de hosting de la p\u00e1gina web, el proveedor de software para env\u00edo del newsletter, el proveedor de servicios de almacenamiento de informaci\u00f3n en la nube y de agenda\/calendario online, el proveedor de plataforma para realizar video conferencias con mis clientes, el proveedor de software para programar sesiones, proveedores de software para realizar encuestas y el proveedor de una herramienta colaborativa y de comunicaci\u00f3n.<\/p>\n<h3>TRANSFERENCIAS INTERNACIONALES DE DATOS<\/h3>\n<p>Algunos de los servicios mencionados en el apartado anterior son prestados por proveedores cuyas instalaciones de tratamiento de datos se encuentran en pa\u00edses terceros, fuera de la Uni\u00f3n Europea, por lo que su utilizaci\u00f3n conlleva la transferencia internacional de los datos personales afectados por dichos tratamientos. Se trata de los siguientes servicios:<\/p>\n<ul>\n<li>\n<p align=\"justify\">Proveedor de almacenamiento en la nube y del paquete de aplicaciones ofim\u00e1ticas incluidas en Google Workspace: Google LLC (EE. UU.) \/Google Ireland Limited<\/p>\n<\/li>\n<li>\n<p align=\"justify\">Proveedor de software para env\u00edo del newsletter: MailerLite Limited (Europa).<\/p>\n<\/li>\n<\/ul>\n<p>Todas las compa\u00f1\u00edas indicadas han adoptado cl\u00e1usulas contractuales tipo de protecci\u00f3n de datos, aprobadas por la Comisi\u00f3n Europea, como garant\u00eda adecuada prevista en el RGPD para habilitar las transferencias internacionales de datos con destino a EE. UU.<br \/>\u00bfQu\u00e9 derechos tienes cuando nos facilitas tus datos personales?<\/p>\n<p>En los casos y bajo las condiciones previstas en la normativa vigente de protecci\u00f3n de datos personales, el interesado o titular de los datos puede ejercitar en relaci\u00f3n con sus datos personales los siguientes derechos:<br \/>Derecho de\u00a0<strong>Acceso<\/strong>: rectificaci\u00f3n, portabilidad y supresi\u00f3n de sus datos, y de limitaci\u00f3n u oposici\u00f3n a su tratamiento.<br \/>Derecho de\u00a0<strong>Rectificaci\u00f3n<\/strong>: para solicitar la rectificaci\u00f3n de sus datos personales si resultaran ser inexactos o incompletos.<br \/>Derecho de\u00a0<strong>Supresi\u00f3n<\/strong>: para solicitar la supresi\u00f3n de sus datos personales cuando, entre otros motivos, los datos ya no sean necesarios para los fines que motivaron su recogida.<br \/>Derecho a la\u00a0<strong>Limitaci\u00f3n del tratamiento<\/strong>: para solicitar, en determinadas circunstancias, la limitaci\u00f3n del tratamiento de sus datos personales, en cuyo caso \u00fanicamente los conservar\u00e9 para la formulaci\u00f3n, ejercicio o defensa de reclamaciones, la protecci\u00f3n de derechos de terceros o por razones de inter\u00e9s p\u00fablico de la Uni\u00f3n Europea o un Estado miembro de la UE.<br \/>Derecho de\u00a0<strong>Oposici\u00f3n<\/strong>: para solicitar, en determinadas circunstancias y por motivos relacionados con su situaci\u00f3n particular, la oposici\u00f3n al tratamiento de sus datos. En tal caso, dejar\u00e9 de tratar los datos, salvo por motivos leg\u00edtimos imperiosos o el ejercicio o la defensa de posibles reclamaciones.<br \/>Derecho a la\u00a0<strong>Portabilidad de los datos<\/strong>: Cuando el tratamiento de sus datos sea automatizado y est\u00e9 basado en el consentimiento o sea necesario para la ejecuci\u00f3n de un contrato o precontrato, el interesado tendr\u00e1 derecho a recibir los datos que me haya facilitado en un formato estructurado, de uso com\u00fan y lectura mec\u00e1nica, as\u00ed como a solicitar su transmisi\u00f3n a otro responsable.<br \/>Derecho a\u00a0<strong>Retirar el consentimiento<\/strong>: cuando el tratamiento de sus datos est\u00e9 basado en el consentimiento, tendr\u00e1 derecho a retirar dicho consentimiento en cualquier momento, sin que ello afecte a la licitud del tratamiento basado en el consentimiento previo a su retirada.<br \/>De igual modo, el interesado tendr\u00e1 derecho a\u00a0<strong>presentar una reclamaci\u00f3n<\/strong> ante la Autoridad de control (www.aepd.es) si considera que el tratamiento no se ajusta a la normativa vigente. Datos de contacto para ejercer sus derechos: Rosa Inglada Guasch I rosa@rosainglada.com I +34635033274<\/p>\n<p>\u00a0<\/p>\n<p>\u00a0<\/p>\n<p><\/p>\t\t\t\t\t\t\t\t<\/div>\n\t\t\t\t<\/div>\n\t\t\t\t\t<\/div>\n\t\t\t\t<\/div>\n\t\t\t\t<\/div>\n\t\t","protected":false},"excerpt":{"rendered":"<p>Pol\u00edtica de privacidad De acuerdo con lo establecido en el Reglamento (UE) 2016\/679 del Parlamento Europeo y del Consejo, de [&hellip;]<\/p>\n","protected":false},"author":1,"featured_media":0,"parent":0,"menu_order":0,"comment_status":"closed","ping_status":"closed","template":"elementor_header_footer","meta":{"_eb_attr":"","_eb_data_table":"","site-sidebar-layout":"default","site-content-layout":"","ast-site-content-layout":"","site-content-style":"default","site-sidebar-style":"default","ast-global-header-display":"","ast-banner-title-visibility":"","ast-main-header-display":"","ast-hfb-above-header-display":"","ast-hfb-below-header-display":"","ast-hfb-mobile-header-display":"","site-post-title":"","ast-breadcrumbs-content":"","ast-featured-img":"","footer-sml-layout":"","theme-transparent-header-meta":"","adv-header-id-meta":"","stick-header-meta":"","header-above-stick-meta":"","header-main-stick-meta":"","header-below-stick-meta":"","astra-migrate-meta-layouts":"default","ast-page-background-enabled":"default","ast-page-background-meta":{"desktop":{"background-color":"var(--ast-global-color-5)","background-image":"","background-repeat":"repeat","background-position":"center center","background-size":"auto","background-attachment":"scroll","background-type":"","background-media":"","overlay-type":"","overlay-color":"","overlay-opacity":"","overlay-gradient":""},"tablet":{"background-color":"","background-image":"","background-repeat":"repeat","background-position":"center center","background-size":"auto","background-attachment":"scroll","background-type":"","background-media":"","overlay-type":"","overlay-color":"","overlay-opacity":"","overlay-gradient":""},"mobile":{"background-color":"","background-image":"","background-repeat":"repeat","background-position":"center center","background-size":"auto","background-attachment":"scroll","background-type":"","background-media":"","overlay-type":"","overlay-color":"","overlay-opacity":"","overlay-gradient":""}},"ast-content-background-meta":{"desktop":{"background-color":"var(--ast-global-color-4)","background-image":"","background-repeat":"repeat","background-position":"center center","background-size":"auto","background-attachment":"scroll","background-type":"","background-media":"","overlay-type":"","overlay-color":"","overlay-opacity":"","overlay-gradient":""},"tablet":{"background-color":"var(--ast-global-color-4)","background-image":"","background-repeat":"repeat","background-position":"center center","background-size":"auto","background-attachment":"scroll","background-type":"","background-media":"","overlay-type":"","overlay-color":"","overlay-opacity":"","overlay-gradient":""},"mobile":{"background-color":"var(--ast-global-color-4)","background-image":"","background-repeat":"repeat","background-position":"center center","background-size":"auto","background-attachment":"scroll","background-type":"","background-media":"","overlay-type":"","overlay-color":"","overlay-opacity":"","overlay-gradient":""}},"_glsr_average":0,"_glsr_ranking":0,"_glsr_reviews":0,"_joinchat":[],"footnotes":""},"class_list":["post-3","page","type-page","status-publish","hentry"],"_links":{"self":[{"href":"https:\/\/rosainglada.com\/index.php\/wp-json\/wp\/v2\/pages\/3","targetHints":{"allow":["GET"]}}],"collection":[{"href":"https:\/\/rosainglada.com\/index.php\/wp-json\/wp\/v2\/pages"}],"about":[{"href":"https:\/\/rosainglada.com\/index.php\/wp-json\/wp\/v2\/types\/page"}],"author":[{"embeddable":true,"href":"https:\/\/rosainglada.com\/index.php\/wp-json\/wp\/v2\/users\/1"}],"replies":[{"embeddable":true,"href":"https:\/\/rosainglada.com\/index.php\/wp-json\/wp\/v2\/comments?post=3"}],"version-history":[{"count":5,"href":"https:\/\/rosainglada.com\/index.php\/wp-json\/wp\/v2\/pages\/3\/revisions"}],"predecessor-version":[{"id":4335,"href":"https:\/\/rosainglada.com\/index.php\/wp-json\/wp\/v2\/pages\/3\/revisions\/4335"}],"wp:attachment":[{"href":"https:\/\/rosainglada.com\/index.php\/wp-json\/wp\/v2\/media?parent=3"}],"curies":[{"name":"wp","href":"https:\/\/api.w.org\/{rel}","templated":true}]}}